{"id":1198,"date":"2019-05-30T19:18:01","date_gmt":"2019-05-30T17:18:01","guid":{"rendered":"http:\/\/www.directeur-artistique-freelance.fr\/graphiste\/?page_id=1198"},"modified":"2022-08-25T18:41:43","modified_gmt":"2022-08-25T16:41:43","slug":"animaux","status":"publish","type":"page","link":"https:\/\/www.directeur-artistique-freelance.fr\/graphiste\/animaux\/","title":{"rendered":"Animaux"},"content":{"rendered":"\t\t<div data-elementor-type=\"wp-post\" data-elementor-id=\"1198\" class=\"elementor elementor-1198\" data-elementor-post-type=\"page\">\n\t\t\t\t\t\t<section class=\"elementor-section elementor-top-section elementor-element elementor-element-68ec6c9d elementor-section-full_width elementor-section-content-middle elementor-section-height-default elementor-section-height-default\" data-id=\"68ec6c9d\" data-element_type=\"section\" data-settings=\"{&quot;background_background&quot;:&quot;classic&quot;}\">\n\t\t\t\t\t\t<div class=\"elementor-container elementor-column-gap-no\">\n\t\t\t\t\t<div class=\"elementor-column elementor-col-100 elementor-top-column elementor-element elementor-element-592c0253\" data-id=\"592c0253\" data-element_type=\"column\">\n\t\t\t<div class=\"elementor-widget-wrap elementor-element-populated\">\n\t\t\t\t\t\t<div class=\"elementor-element elementor-element-e94fa34 elementor-widget elementor-widget-global elementor-global-69 elementor-widget-image\" data-id=\"e94fa34\" data-element_type=\"widget\" data-widget_type=\"image.default\">\n\t\t\t\t<div class=\"elementor-widget-container\">\n\t\t\t\t\t\t\t\t\t\t\t\t\t\t\t\t<a href=\"https:\/\/www.directeur-artistique-freelance.fr\/graphiste\">\n\t\t\t\t\t\t\t<img fetchpriority=\"high\" decoding=\"async\" width=\"667\" height=\"200\" src=\"https:\/\/www.directeur-artistique-freelance.fr\/graphiste\/wp-content\/uploads\/2019\/06\/graphiste-freelance-saint-germain-en-laye.png\" class=\"attachment-medium_large size-medium_large wp-image-1716\" alt=\"graphiste freelance saint germain en laye\" srcset=\"https:\/\/www.directeur-artistique-freelance.fr\/graphiste\/wp-content\/uploads\/2019\/06\/graphiste-freelance-saint-germain-en-laye.png 667w, https:\/\/www.directeur-artistique-freelance.fr\/graphiste\/wp-content\/uploads\/2019\/06\/graphiste-freelance-saint-germain-en-laye-300x90.png 300w\" sizes=\"(max-width: 667px) 100vw, 667px\" \/>\t\t\t\t\t\t\t\t<\/a>\n\t\t\t\t\t\t\t\t\t\t\t\t\t\t\t<\/div>\n\t\t\t\t<\/div>\n\t\t\t\t<div class=\"elementor-element elementor-element-3dda4717 elementor-nav-menu__align-center elementor-nav-menu--dropdown-tablet elementor-nav-menu__text-align-aside elementor-nav-menu--toggle elementor-nav-menu--burger elementor-widget elementor-widget-global elementor-global-72 elementor-widget-nav-menu\" data-id=\"3dda4717\" data-element_type=\"widget\" data-settings=\"{&quot;submenu_icon&quot;:{&quot;value&quot;:&quot;fas fa-chevron-down&quot;,&quot;library&quot;:&quot;fa-solid&quot;},&quot;layout&quot;:&quot;horizontal&quot;,&quot;toggle&quot;:&quot;burger&quot;}\" data-widget_type=\"nav-menu.default\">\n\t\t\t\t<div class=\"elementor-widget-container\">\n\t\t\t\t\t\t\t\t<nav aria-label=\"Menu\" class=\"elementor-nav-menu--main elementor-nav-menu__container elementor-nav-menu--layout-horizontal e--pointer-background e--animation-fade\">\n\t\t\t\t<ul id=\"menu-1-3dda4717\" class=\"elementor-nav-menu\"><li class=\"menu-item menu-item-type-post_type menu-item-object-page menu-item-home menu-item-21\"><a href=\"https:\/\/www.directeur-artistique-freelance.fr\/graphiste\/\" class=\"elementor-item\">Accueil<\/a><\/li>\n<li class=\"menu-item menu-item-type-post_type menu-item-object-page menu-item-20\"><a href=\"https:\/\/www.directeur-artistique-freelance.fr\/graphiste\/a-propos\/\" class=\"elementor-item\">A propos<\/a><\/li>\n<li class=\"menu-item menu-item-type-post_type menu-item-object-page menu-item-288\"><a href=\"https:\/\/www.directeur-artistique-freelance.fr\/graphiste\/portfolio\/\" class=\"elementor-item\">Portfolio<\/a><\/li>\n<li class=\"menu-item menu-item-type-post_type menu-item-object-page menu-item-1950\"><a href=\"https:\/\/www.directeur-artistique-freelance.fr\/graphiste\/news\/\" class=\"elementor-item\">News<\/a><\/li>\n<li class=\"menu-item menu-item-type-post_type menu-item-object-page menu-item-18\"><a href=\"https:\/\/www.directeur-artistique-freelance.fr\/graphiste\/contact\/\" class=\"elementor-item\">Contact<\/a><\/li>\n<\/ul>\t\t\t<\/nav>\n\t\t\t\t\t<div class=\"elementor-menu-toggle\" role=\"button\" tabindex=\"0\" aria-label=\"Permuter le menu\" aria-expanded=\"false\">\n\t\t\t<i aria-hidden=\"true\" role=\"presentation\" class=\"elementor-menu-toggle__icon--open eicon-menu-bar\"><\/i><i aria-hidden=\"true\" role=\"presentation\" class=\"elementor-menu-toggle__icon--close eicon-close\"><\/i>\t\t<\/div>\n\t\t\t\t\t<nav class=\"elementor-nav-menu--dropdown elementor-nav-menu__container\" aria-hidden=\"true\">\n\t\t\t\t<ul id=\"menu-2-3dda4717\" class=\"elementor-nav-menu\"><li class=\"menu-item menu-item-type-post_type menu-item-object-page menu-item-home menu-item-21\"><a href=\"https:\/\/www.directeur-artistique-freelance.fr\/graphiste\/\" class=\"elementor-item\" tabindex=\"-1\">Accueil<\/a><\/li>\n<li class=\"menu-item menu-item-type-post_type menu-item-object-page menu-item-20\"><a href=\"https:\/\/www.directeur-artistique-freelance.fr\/graphiste\/a-propos\/\" class=\"elementor-item\" tabindex=\"-1\">A propos<\/a><\/li>\n<li class=\"menu-item menu-item-type-post_type menu-item-object-page menu-item-288\"><a href=\"https:\/\/www.directeur-artistique-freelance.fr\/graphiste\/portfolio\/\" class=\"elementor-item\" tabindex=\"-1\">Portfolio<\/a><\/li>\n<li class=\"menu-item menu-item-type-post_type menu-item-object-page menu-item-1950\"><a href=\"https:\/\/www.directeur-artistique-freelance.fr\/graphiste\/news\/\" class=\"elementor-item\" tabindex=\"-1\">News<\/a><\/li>\n<li class=\"menu-item menu-item-type-post_type menu-item-object-page menu-item-18\"><a href=\"https:\/\/www.directeur-artistique-freelance.fr\/graphiste\/contact\/\" class=\"elementor-item\" tabindex=\"-1\">Contact<\/a><\/li>\n<\/ul>\t\t\t<\/nav>\n\t\t\t\t\t\t<\/div>\n\t\t\t\t<\/div>\n\t\t\t\t\t<\/div>\n\t\t<\/div>\n\t\t\t\t\t<\/div>\n\t\t<\/section>\n\t\t\t\t<section class=\"elementor-section elementor-top-section elementor-element elementor-element-db1a48d elementor-section-boxed elementor-section-height-default elementor-section-height-default\" data-id=\"db1a48d\" data-element_type=\"section\">\n\t\t\t\t\t\t<div class=\"elementor-container elementor-column-gap-default\">\n\t\t\t\t\t<div class=\"elementor-column elementor-col-100 elementor-top-column elementor-element elementor-element-5e968b0\" data-id=\"5e968b0\" data-element_type=\"column\">\n\t\t\t<div class=\"elementor-widget-wrap elementor-element-populated\">\n\t\t\t\t\t\t<div class=\"elementor-element elementor-element-a4100c4 elementor-widget elementor-widget-image-gallery\" data-id=\"a4100c4\" data-element_type=\"widget\" data-widget_type=\"image-gallery.default\">\n\t\t\t\t<div class=\"elementor-widget-container\">\n\t\t\t\t\t\t\t<div class=\"elementor-image-gallery\">\n\t\t\t<div id='gallery-1' class='gallery galleryid-1198 gallery-columns-2 gallery-size-medium_large'><figure class='gallery-item'>\n\t\t\t<div class='gallery-icon portrait'>\n\t\t\t\t<a data-elementor-open-lightbox=\"yes\" data-elementor-lightbox-slideshow=\"a4100c4\" data-elementor-lightbox-title=\"ADP_BoardShell_305x455mm_600dpi\" data-e-action-hash=\"#elementor-action%3Aaction%3Dlightbox%26settings%3DeyJpZCI6MjMyMSwidXJsIjoiaHR0cHM6XC9cL3d3dy5kaXJlY3RldXItYXJ0aXN0aXF1ZS1mcmVlbGFuY2UuZnJcL2dyYXBoaXN0ZVwvd3AtY29udGVudFwvdXBsb2Fkc1wvMjAyMFwvMTJcL0FEUF9Cb2FyZFNoZWxsXzMwNXg0NTVtbV82MDBkcGkuanBnIiwic2xpZGVzaG93IjoiYTQxMDBjNCJ9\" href='https:\/\/www.directeur-artistique-freelance.fr\/graphiste\/wp-content\/uploads\/2020\/12\/ADP_BoardShell_305x455mm_600dpi.jpg'><img decoding=\"async\" width=\"768\" height=\"1146\" src=\"https:\/\/www.directeur-artistique-freelance.fr\/graphiste\/wp-content\/uploads\/2020\/12\/ADP_BoardShell_305x455mm_600dpi-768x1146.jpg\" class=\"attachment-medium_large size-medium_large\" alt=\"\" aria-describedby=\"gallery-1-2321\" srcset=\"https:\/\/www.directeur-artistique-freelance.fr\/graphiste\/wp-content\/uploads\/2020\/12\/ADP_BoardShell_305x455mm_600dpi-768x1146.jpg 768w, https:\/\/www.directeur-artistique-freelance.fr\/graphiste\/wp-content\/uploads\/2020\/12\/ADP_BoardShell_305x455mm_600dpi-201x300.jpg 201w, https:\/\/www.directeur-artistique-freelance.fr\/graphiste\/wp-content\/uploads\/2020\/12\/ADP_BoardShell_305x455mm_600dpi-686x1024.jpg 686w, https:\/\/www.directeur-artistique-freelance.fr\/graphiste\/wp-content\/uploads\/2020\/12\/ADP_BoardShell_305x455mm_600dpi-1030x1536.jpg 1030w, https:\/\/www.directeur-artistique-freelance.fr\/graphiste\/wp-content\/uploads\/2020\/12\/ADP_BoardShell_305x455mm_600dpi-1373x2048.jpg 1373w, https:\/\/www.directeur-artistique-freelance.fr\/graphiste\/wp-content\/uploads\/2020\/12\/ADP_BoardShell_305x455mm_600dpi.jpg 1440w\" sizes=\"(max-width: 768px) 100vw, 768px\" \/><\/a>\n\t\t\t<\/div>\n\t\t\t\t<figcaption class='wp-caption-text gallery-caption' id='gallery-1-2321'>\n\t\t\t\tShells\n\t\t\t\t<\/figcaption><\/figure><figure class='gallery-item'>\n\t\t\t<div class='gallery-icon portrait'>\n\t\t\t\t<a data-elementor-open-lightbox=\"yes\" data-elementor-lightbox-slideshow=\"a4100c4\" data-elementor-lightbox-title=\"Abby\" data-e-action-hash=\"#elementor-action%3Aaction%3Dlightbox%26settings%3DeyJpZCI6MTIwMSwidXJsIjoiaHR0cHM6XC9cL3d3dy5kaXJlY3RldXItYXJ0aXN0aXF1ZS1mcmVlbGFuY2UuZnJcL2dyYXBoaXN0ZVwvd3AtY29udGVudFwvdXBsb2Fkc1wvMjAxOVwvMDVcL2lsbHVzdHJhdGlvbi1jaGF0LW1haW5jb29uLWlsbHVzdHJhdHJpY2UtZnJlZWxhbmNlLTc4LmpwZyIsInNsaWRlc2hvdyI6ImE0MTAwYzQifQ%3D%3D\" data-elementor-lightbox-description=\"illustration, graphite, crayon, illustratrice, freelance, saint-germain-en-laye\" href='https:\/\/www.directeur-artistique-freelance.fr\/graphiste\/wp-content\/uploads\/2019\/05\/illustration-chat-maincoon-illustratrice-freelance-78.jpg'><img decoding=\"async\" width=\"768\" height=\"1024\" src=\"https:\/\/www.directeur-artistique-freelance.fr\/graphiste\/wp-content\/uploads\/2019\/05\/illustration-chat-maincoon-illustratrice-freelance-78-768x1024.jpg\" class=\"attachment-medium_large size-medium_large\" alt=\"\" aria-describedby=\"gallery-1-1201\" srcset=\"https:\/\/www.directeur-artistique-freelance.fr\/graphiste\/wp-content\/uploads\/2019\/05\/illustration-chat-maincoon-illustratrice-freelance-78-768x1024.jpg 768w, https:\/\/www.directeur-artistique-freelance.fr\/graphiste\/wp-content\/uploads\/2019\/05\/illustration-chat-maincoon-illustratrice-freelance-78-225x300.jpg 225w, https:\/\/www.directeur-artistique-freelance.fr\/graphiste\/wp-content\/uploads\/2019\/05\/illustration-chat-maincoon-illustratrice-freelance-78.jpg 1440w\" sizes=\"(max-width: 768px) 100vw, 768px\" \/><\/a>\n\t\t\t<\/div>\n\t\t\t\t<figcaption class='wp-caption-text gallery-caption' id='gallery-1-1201'>\n\t\t\t\tIllustration au crayon d&rsquo;Abby\n\t\t\t\t<\/figcaption><\/figure><figure class='gallery-item'>\n\t\t\t<div class='gallery-icon portrait'>\n\t\t\t\t<a data-elementor-open-lightbox=\"yes\" data-elementor-lightbox-slideshow=\"a4100c4\" data-elementor-lightbox-title=\"Goliathus\" data-e-action-hash=\"#elementor-action%3Aaction%3Dlightbox%26settings%3DeyJpZCI6MTIxMCwidXJsIjoiaHR0cHM6XC9cL3d3dy5kaXJlY3RldXItYXJ0aXN0aXF1ZS1mcmVlbGFuY2UuZnJcL2dyYXBoaXN0ZVwvd3AtY29udGVudFwvdXBsb2Fkc1wvMjAxOVwvMDVcL2luc2VjdGUtaWxsdXN0cmF0aW9uLWZyZWVsYW5jZS1uYXR1cmFsaXN0ZS03OC5qcGciLCJzbGlkZXNob3ciOiJhNDEwMGM0In0%3D\" data-elementor-lightbox-description=\"illustration, naturaliste, illustratrice freelance\" href='https:\/\/www.directeur-artistique-freelance.fr\/graphiste\/wp-content\/uploads\/2019\/05\/insecte-illustration-freelance-naturaliste-78.jpg'><img loading=\"lazy\" decoding=\"async\" width=\"768\" height=\"1024\" src=\"https:\/\/www.directeur-artistique-freelance.fr\/graphiste\/wp-content\/uploads\/2019\/05\/insecte-illustration-freelance-naturaliste-78-768x1024.jpg\" class=\"attachment-medium_large size-medium_large\" alt=\"\" aria-describedby=\"gallery-1-1210\" srcset=\"https:\/\/www.directeur-artistique-freelance.fr\/graphiste\/wp-content\/uploads\/2019\/05\/insecte-illustration-freelance-naturaliste-78-768x1024.jpg 768w, https:\/\/www.directeur-artistique-freelance.fr\/graphiste\/wp-content\/uploads\/2019\/05\/insecte-illustration-freelance-naturaliste-78-225x300.jpg 225w, https:\/\/www.directeur-artistique-freelance.fr\/graphiste\/wp-content\/uploads\/2019\/05\/insecte-illustration-freelance-naturaliste-78.jpg 1440w\" sizes=\"(max-width: 768px) 100vw, 768px\" \/><\/a>\n\t\t\t<\/div>\n\t\t\t\t<figcaption class='wp-caption-text gallery-caption' id='gallery-1-1210'>\n\t\t\t\tGoliathus aux crayons graphites\n\t\t\t\t<\/figcaption><\/figure><figure class='gallery-item'>\n\t\t\t<div class='gallery-icon portrait'>\n\t\t\t\t<a data-elementor-open-lightbox=\"yes\" data-elementor-lightbox-slideshow=\"a4100c4\" data-elementor-lightbox-title=\"Dicronorhina cavifrons\" data-e-action-hash=\"#elementor-action%3Aaction%3Dlightbox%26settings%3DeyJpZCI6MTIxNiwidXJsIjoiaHR0cHM6XC9cL3d3dy5kaXJlY3RldXItYXJ0aXN0aXF1ZS1mcmVlbGFuY2UuZnJcL2dyYXBoaXN0ZVwvd3AtY29udGVudFwvdXBsb2Fkc1wvMjAxOVwvMDVcL2lsbHVzdHJhdHJpY2UtZnJlZWxhbmNlLW5hdHVyYWxpc3RlLXNhaW50LWdlcm1haW4tZW4tbGF5ZS5qcGciLCJzbGlkZXNob3ciOiJhNDEwMGM0In0%3D\" data-elementor-lightbox-description=\"coleoptere, aquarelle, illustration, freelance, illustratrice, paris, naturaliste\" href='https:\/\/www.directeur-artistique-freelance.fr\/graphiste\/wp-content\/uploads\/2019\/05\/illustratrice-freelance-naturaliste-saint-germain-en-laye.jpg'><img loading=\"lazy\" decoding=\"async\" width=\"768\" height=\"1025\" src=\"https:\/\/www.directeur-artistique-freelance.fr\/graphiste\/wp-content\/uploads\/2019\/05\/illustratrice-freelance-naturaliste-saint-germain-en-laye-768x1025.jpg\" class=\"attachment-medium_large size-medium_large\" alt=\"\" aria-describedby=\"gallery-1-1216\" srcset=\"https:\/\/www.directeur-artistique-freelance.fr\/graphiste\/wp-content\/uploads\/2019\/05\/illustratrice-freelance-naturaliste-saint-germain-en-laye-768x1025.jpg 768w, https:\/\/www.directeur-artistique-freelance.fr\/graphiste\/wp-content\/uploads\/2019\/05\/illustratrice-freelance-naturaliste-saint-germain-en-laye-225x300.jpg 225w, https:\/\/www.directeur-artistique-freelance.fr\/graphiste\/wp-content\/uploads\/2019\/05\/illustratrice-freelance-naturaliste-saint-germain-en-laye-767x1024.jpg 767w, https:\/\/www.directeur-artistique-freelance.fr\/graphiste\/wp-content\/uploads\/2019\/05\/illustratrice-freelance-naturaliste-saint-germain-en-laye.jpg 1439w\" sizes=\"(max-width: 768px) 100vw, 768px\" \/><\/a>\n\t\t\t<\/div>\n\t\t\t\t<figcaption class='wp-caption-text gallery-caption' id='gallery-1-1216'>\n\t\t\t\tDicronorhina cavifrons \u00e0l&rsquo;aquarelle\n\t\t\t\t<\/figcaption><\/figure><figure class='gallery-item'>\n\t\t\t<div class='gallery-icon portrait'>\n\t\t\t\t<a data-elementor-open-lightbox=\"yes\" data-elementor-lightbox-slideshow=\"a4100c4\" data-elementor-lightbox-title=\"Papillon\" data-e-action-hash=\"#elementor-action%3Aaction%3Dlightbox%26settings%3DeyJpZCI6MTIwNywidXJsIjoiaHR0cHM6XC9cL3d3dy5kaXJlY3RldXItYXJ0aXN0aXF1ZS1mcmVlbGFuY2UuZnJcL2dyYXBoaXN0ZVwvd3AtY29udGVudFwvdXBsb2Fkc1wvMjAxOVwvMDVcL3BhcGlsbG9uLWlsbHVzdHJhdGlvbi1ub2lyLWJsYW5jLWNyYXlvbi5qcGciLCJzbGlkZXNob3ciOiJhNDEwMGM0In0%3D\" data-elementor-lightbox-description=\"illustration, graphite, crayon, papier, freelance, naturaliste\" href='https:\/\/www.directeur-artistique-freelance.fr\/graphiste\/wp-content\/uploads\/2019\/05\/papillon-illustration-noir-blanc-crayon.jpg'><img loading=\"lazy\" decoding=\"async\" width=\"768\" height=\"1024\" src=\"https:\/\/www.directeur-artistique-freelance.fr\/graphiste\/wp-content\/uploads\/2019\/05\/papillon-illustration-noir-blanc-crayon-768x1024.jpg\" class=\"attachment-medium_large size-medium_large\" alt=\"\" aria-describedby=\"gallery-1-1207\" srcset=\"https:\/\/www.directeur-artistique-freelance.fr\/graphiste\/wp-content\/uploads\/2019\/05\/papillon-illustration-noir-blanc-crayon-768x1024.jpg 768w, https:\/\/www.directeur-artistique-freelance.fr\/graphiste\/wp-content\/uploads\/2019\/05\/papillon-illustration-noir-blanc-crayon-225x300.jpg 225w, https:\/\/www.directeur-artistique-freelance.fr\/graphiste\/wp-content\/uploads\/2019\/05\/papillon-illustration-noir-blanc-crayon.jpg 1440w\" sizes=\"(max-width: 768px) 100vw, 768px\" \/><\/a>\n\t\t\t<\/div>\n\t\t\t\t<figcaption class='wp-caption-text gallery-caption' id='gallery-1-1207'>\n\t\t\t\tPapillon\n\t\t\t\t<\/figcaption><\/figure><figure class='gallery-item'>\n\t\t\t<div class='gallery-icon landscape'>\n\t\t\t\t<a data-elementor-open-lightbox=\"yes\" data-elementor-lightbox-slideshow=\"a4100c4\" data-elementor-lightbox-title=\"Apatura Schrenkii\" data-e-action-hash=\"#elementor-action%3Aaction%3Dlightbox%26settings%3DeyJpZCI6MjAyNCwidXJsIjoiaHR0cHM6XC9cL3d3dy5kaXJlY3RldXItYXJ0aXN0aXF1ZS1mcmVlbGFuY2UuZnJcL2dyYXBoaXN0ZVwvd3AtY29udGVudFwvdXBsb2Fkc1wvMjAyMFwvMDVcL0FEUF9BcGF0dXJhU2NocmVua2lpX3NrZXRjaGJvb2tfMjMweDMwNW1tLmpwZyIsInNsaWRlc2hvdyI6ImE0MTAwYzQifQ%3D%3D\" data-elementor-lightbox-description=\"illustration, naturaliste, paris, papillon, apatura\" href='https:\/\/www.directeur-artistique-freelance.fr\/graphiste\/wp-content\/uploads\/2020\/05\/ADP_ApaturaSchrenkii_sketchbook_230x305mm.jpg'><img loading=\"lazy\" decoding=\"async\" width=\"768\" height=\"579\" src=\"https:\/\/www.directeur-artistique-freelance.fr\/graphiste\/wp-content\/uploads\/2020\/05\/ADP_ApaturaSchrenkii_sketchbook_230x305mm-768x579.jpg\" class=\"attachment-medium_large size-medium_large\" alt=\"\" aria-describedby=\"gallery-1-2024\" srcset=\"https:\/\/www.directeur-artistique-freelance.fr\/graphiste\/wp-content\/uploads\/2020\/05\/ADP_ApaturaSchrenkii_sketchbook_230x305mm-768x579.jpg 768w, https:\/\/www.directeur-artistique-freelance.fr\/graphiste\/wp-content\/uploads\/2020\/05\/ADP_ApaturaSchrenkii_sketchbook_230x305mm-300x226.jpg 300w, https:\/\/www.directeur-artistique-freelance.fr\/graphiste\/wp-content\/uploads\/2020\/05\/ADP_ApaturaSchrenkii_sketchbook_230x305mm-1024x772.jpg 1024w, https:\/\/www.directeur-artistique-freelance.fr\/graphiste\/wp-content\/uploads\/2020\/05\/ADP_ApaturaSchrenkii_sketchbook_230x305mm-1536x1158.jpg 1536w, https:\/\/www.directeur-artistique-freelance.fr\/graphiste\/wp-content\/uploads\/2020\/05\/ADP_ApaturaSchrenkii_sketchbook_230x305mm.jpg 1920w\" sizes=\"(max-width: 768px) 100vw, 768px\" \/><\/a>\n\t\t\t<\/div>\n\t\t\t\t<figcaption class='wp-caption-text gallery-caption' id='gallery-1-2024'>\n\t\t\t\tApatura Schrenkii \u00e0 l&rsquo;aquarelle\n\t\t\t\t<\/figcaption><\/figure><figure class='gallery-item'>\n\t\t\t<div class='gallery-icon portrait'>\n\t\t\t\t<a data-elementor-open-lightbox=\"yes\" data-elementor-lightbox-slideshow=\"a4100c4\" data-elementor-lightbox-title=\"Coccinellidae aux crayons de couleurs\" data-e-action-hash=\"#elementor-action%3Aaction%3Dlightbox%26settings%3DeyJpZCI6MTIwMywidXJsIjoiaHR0cHM6XC9cL3d3dy5kaXJlY3RldXItYXJ0aXN0aXF1ZS1mcmVlbGFuY2UuZnJcL2dyYXBoaXN0ZVwvd3AtY29udGVudFwvdXBsb2Fkc1wvMjAxOVwvMDVcL2NvY2NpbmVsbGlkYWUtaWxsdXN0cmF0aW9uLWNvdWxldXItY3JheW9uLWlsbHVzdHJhdGlvbi5qcGciLCJzbGlkZXNob3ciOiJhNDEwMGM0In0%3D\" data-elementor-lightbox-description=\"naturaliste, paris, illustration, coccinelel\" href='https:\/\/www.directeur-artistique-freelance.fr\/graphiste\/wp-content\/uploads\/2019\/05\/coccinellidae-illustration-couleur-crayon-illustration.jpg'><img loading=\"lazy\" decoding=\"async\" width=\"768\" height=\"1024\" src=\"https:\/\/www.directeur-artistique-freelance.fr\/graphiste\/wp-content\/uploads\/2019\/05\/coccinellidae-illustration-couleur-crayon-illustration-768x1024.jpg\" class=\"attachment-medium_large size-medium_large\" alt=\"\" aria-describedby=\"gallery-1-1203\" srcset=\"https:\/\/www.directeur-artistique-freelance.fr\/graphiste\/wp-content\/uploads\/2019\/05\/coccinellidae-illustration-couleur-crayon-illustration-768x1024.jpg 768w, https:\/\/www.directeur-artistique-freelance.fr\/graphiste\/wp-content\/uploads\/2019\/05\/coccinellidae-illustration-couleur-crayon-illustration-225x300.jpg 225w, https:\/\/www.directeur-artistique-freelance.fr\/graphiste\/wp-content\/uploads\/2019\/05\/coccinellidae-illustration-couleur-crayon-illustration.jpg 1440w\" sizes=\"(max-width: 768px) 100vw, 768px\" \/><\/a>\n\t\t\t<\/div>\n\t\t\t\t<figcaption class='wp-caption-text gallery-caption' id='gallery-1-1203'>\n\t\t\t\tCoccinellidae aux crayons de couleurs\n\t\t\t\t<\/figcaption><\/figure><figure class='gallery-item'>\n\t\t\t<div class='gallery-icon portrait'>\n\t\t\t\t<a data-elementor-open-lightbox=\"yes\" data-elementor-lightbox-slideshow=\"a4100c4\" data-elementor-lightbox-title=\"Escargot aux crayons graphites\" data-e-action-hash=\"#elementor-action%3Aaction%3Dlightbox%26settings%3DeyJpZCI6MTIwNCwidXJsIjoiaHR0cHM6XC9cL3d3dy5kaXJlY3RldXItYXJ0aXN0aXF1ZS1mcmVlbGFuY2UuZnJcL2dyYXBoaXN0ZVwvd3AtY29udGVudFwvdXBsb2Fkc1wvMjAxOVwvMDVcL2VzY2FyZ290LWlsbHVzdHJhdGlvbi1jcmF5b24tZnJlZWxhbmNlLmpwZyIsInNsaWRlc2hvdyI6ImE0MTAwYzQifQ%3D%3D\" data-elementor-lightbox-description=\"dessin, illustration, naturaliste, graphite, freelance, illustratrice, paris\" href='https:\/\/www.directeur-artistique-freelance.fr\/graphiste\/wp-content\/uploads\/2019\/05\/escargot-illustration-crayon-freelance.jpg'><img loading=\"lazy\" decoding=\"async\" width=\"768\" height=\"1024\" src=\"https:\/\/www.directeur-artistique-freelance.fr\/graphiste\/wp-content\/uploads\/2019\/05\/escargot-illustration-crayon-freelance-768x1024.jpg\" class=\"attachment-medium_large size-medium_large\" alt=\"\" aria-describedby=\"gallery-1-1204\" srcset=\"https:\/\/www.directeur-artistique-freelance.fr\/graphiste\/wp-content\/uploads\/2019\/05\/escargot-illustration-crayon-freelance-768x1024.jpg 768w, https:\/\/www.directeur-artistique-freelance.fr\/graphiste\/wp-content\/uploads\/2019\/05\/escargot-illustration-crayon-freelance-225x300.jpg 225w, https:\/\/www.directeur-artistique-freelance.fr\/graphiste\/wp-content\/uploads\/2019\/05\/escargot-illustration-crayon-freelance.jpg 1440w\" sizes=\"(max-width: 768px) 100vw, 768px\" \/><\/a>\n\t\t\t<\/div>\n\t\t\t\t<figcaption class='wp-caption-text gallery-caption' id='gallery-1-1204'>\n\t\t\t\tEscargot aux crayons graphites\n\t\t\t\t<\/figcaption><\/figure><figure class='gallery-item'>\n\t\t\t<div class='gallery-icon portrait'>\n\t\t\t\t<a data-elementor-open-lightbox=\"yes\" data-elementor-lightbox-slideshow=\"a4100c4\" data-elementor-lightbox-title=\"Hippocampe\" data-e-action-hash=\"#elementor-action%3Aaction%3Dlightbox%26settings%3DeyJpZCI6MTIwNSwidXJsIjoiaHR0cHM6XC9cL3d3dy5kaXJlY3RldXItYXJ0aXN0aXF1ZS1mcmVlbGFuY2UuZnJcL2dyYXBoaXN0ZVwvd3AtY29udGVudFwvdXBsb2Fkc1wvMjAxOVwvMDVcL2hpcHBvY2FtcGUtaWxsc3V0cmFpY2UtZnJlZWxhbmNlLXNhaW50LWdlcm1haW4tZW4tbGF5ZS5qcGciLCJzbGlkZXNob3ciOiJhNDEwMGM0In0%3D\" data-elementor-lightbox-description=\"naturaliste, Hippocampe, dessin, illustration, art\" href='https:\/\/www.directeur-artistique-freelance.fr\/graphiste\/wp-content\/uploads\/2019\/05\/hippocampe-illsutraice-freelance-saint-germain-en-laye.jpg'><img loading=\"lazy\" decoding=\"async\" width=\"768\" height=\"1024\" src=\"https:\/\/www.directeur-artistique-freelance.fr\/graphiste\/wp-content\/uploads\/2019\/05\/hippocampe-illsutraice-freelance-saint-germain-en-laye-768x1024.jpg\" class=\"attachment-medium_large size-medium_large\" alt=\"\" aria-describedby=\"gallery-1-1205\" srcset=\"https:\/\/www.directeur-artistique-freelance.fr\/graphiste\/wp-content\/uploads\/2019\/05\/hippocampe-illsutraice-freelance-saint-germain-en-laye-768x1024.jpg 768w, https:\/\/www.directeur-artistique-freelance.fr\/graphiste\/wp-content\/uploads\/2019\/05\/hippocampe-illsutraice-freelance-saint-germain-en-laye-225x300.jpg 225w, https:\/\/www.directeur-artistique-freelance.fr\/graphiste\/wp-content\/uploads\/2019\/05\/hippocampe-illsutraice-freelance-saint-germain-en-laye.jpg 1440w\" sizes=\"(max-width: 768px) 100vw, 768px\" \/><\/a>\n\t\t\t<\/div>\n\t\t\t\t<figcaption class='wp-caption-text gallery-caption' id='gallery-1-1205'>\n\t\t\t\tHippocampe\n\t\t\t\t<\/figcaption><\/figure><figure class='gallery-item'>\n\t\t\t<div class='gallery-icon portrait'>\n\t\t\t\t<a data-elementor-open-lightbox=\"yes\" data-elementor-lightbox-slideshow=\"a4100c4\" data-elementor-lightbox-title=\"Hippocampe\" data-e-action-hash=\"#elementor-action%3Aaction%3Dlightbox%26settings%3DeyJpZCI6MTIwNiwidXJsIjoiaHR0cHM6XC9cL3d3dy5kaXJlY3RldXItYXJ0aXN0aXF1ZS1mcmVlbGFuY2UuZnJcL2dyYXBoaXN0ZVwvd3AtY29udGVudFwvdXBsb2Fkc1wvMjAxOVwvMDVcL2FuaW1hdXgtaWxsdXN0cmF0aW9uLWhpcHBvY2FtcGUtY3JheW9uLmpwZyIsInNsaWRlc2hvdyI6ImE0MTAwYzQifQ%3D%3D\" data-elementor-lightbox-description=\"Hippocampe, illustration, freelance, illsutratrice, artiste, paris\" href='https:\/\/www.directeur-artistique-freelance.fr\/graphiste\/wp-content\/uploads\/2019\/05\/animaux-illustration-hippocampe-crayon.jpg'><img loading=\"lazy\" decoding=\"async\" width=\"768\" height=\"1024\" src=\"https:\/\/www.directeur-artistique-freelance.fr\/graphiste\/wp-content\/uploads\/2019\/05\/animaux-illustration-hippocampe-crayon-768x1024.jpg\" class=\"attachment-medium_large size-medium_large\" alt=\"\" aria-describedby=\"gallery-1-1206\" srcset=\"https:\/\/www.directeur-artistique-freelance.fr\/graphiste\/wp-content\/uploads\/2019\/05\/animaux-illustration-hippocampe-crayon-768x1024.jpg 768w, https:\/\/www.directeur-artistique-freelance.fr\/graphiste\/wp-content\/uploads\/2019\/05\/animaux-illustration-hippocampe-crayon-225x300.jpg 225w, https:\/\/www.directeur-artistique-freelance.fr\/graphiste\/wp-content\/uploads\/2019\/05\/animaux-illustration-hippocampe-crayon.jpg 1440w\" sizes=\"(max-width: 768px) 100vw, 768px\" \/><\/a>\n\t\t\t<\/div>\n\t\t\t\t<figcaption class='wp-caption-text gallery-caption' id='gallery-1-1206'>\n\t\t\t\tHippocampe\n\t\t\t\t<\/figcaption><\/figure><figure class='gallery-item'>\n\t\t\t<div class='gallery-icon portrait'>\n\t\t\t\t<a data-elementor-open-lightbox=\"yes\" data-elementor-lightbox-slideshow=\"a4100c4\" data-elementor-lightbox-title=\"Rouge-gorge\" data-e-action-hash=\"#elementor-action%3Aaction%3Dlightbox%26settings%3DeyJpZCI6MTIwOCwidXJsIjoiaHR0cHM6XC9cL3d3dy5kaXJlY3RldXItYXJ0aXN0aXF1ZS1mcmVlbGFuY2UuZnJcL2dyYXBoaXN0ZVwvd3AtY29udGVudFwvdXBsb2Fkc1wvMjAxOVwvMDVcL2FydGlzdGUtaWxsdXN0cmF0aW9uLW9pc2VhdS1jcmF5b24uanBnIiwic2xpZGVzaG93IjoiYTQxMDBjNCJ9\" data-elementor-lightbox-description=\"oiseau, illustration, Rouge-gorge, illustratrice, naturaliste\" href='https:\/\/www.directeur-artistique-freelance.fr\/graphiste\/wp-content\/uploads\/2019\/05\/artiste-illustration-oiseau-crayon.jpg'><img loading=\"lazy\" decoding=\"async\" width=\"768\" height=\"1024\" src=\"https:\/\/www.directeur-artistique-freelance.fr\/graphiste\/wp-content\/uploads\/2019\/05\/artiste-illustration-oiseau-crayon-768x1024.jpg\" class=\"attachment-medium_large size-medium_large\" alt=\"\" aria-describedby=\"gallery-1-1208\" srcset=\"https:\/\/www.directeur-artistique-freelance.fr\/graphiste\/wp-content\/uploads\/2019\/05\/artiste-illustration-oiseau-crayon-768x1024.jpg 768w, https:\/\/www.directeur-artistique-freelance.fr\/graphiste\/wp-content\/uploads\/2019\/05\/artiste-illustration-oiseau-crayon-225x300.jpg 225w, https:\/\/www.directeur-artistique-freelance.fr\/graphiste\/wp-content\/uploads\/2019\/05\/artiste-illustration-oiseau-crayon.jpg 1440w\" sizes=\"(max-width: 768px) 100vw, 768px\" \/><\/a>\n\t\t\t<\/div>\n\t\t\t\t<figcaption class='wp-caption-text gallery-caption' id='gallery-1-1208'>\n\t\t\t\tRouge-gorge\n\t\t\t\t<\/figcaption><\/figure><figure class='gallery-item'>\n\t\t\t<div class='gallery-icon portrait'>\n\t\t\t\t<a data-elementor-open-lightbox=\"yes\" data-elementor-lightbox-slideshow=\"a4100c4\" data-elementor-lightbox-title=\"Chardonneret \u00e9l\u00e9gant\" data-e-action-hash=\"#elementor-action%3Aaction%3Dlightbox%26settings%3DeyJpZCI6MTIwOSwidXJsIjoiaHR0cHM6XC9cL3d3dy5kaXJlY3RldXItYXJ0aXN0aXF1ZS1mcmVlbGFuY2UuZnJcL2dyYXBoaXN0ZVwvd3AtY29udGVudFwvdXBsb2Fkc1wvMjAxOVwvMDVcL29pc2VhdS1pbGx1c3RyYXRpb24tZnJlZWxhbmNlLTc4LWNyYXlvbi5qcGciLCJzbGlkZXNob3ciOiJhNDEwMGM0In0%3D\" data-elementor-lightbox-description=\" illustration, crayon, oiseau, naturaliste, paris\" href='https:\/\/www.directeur-artistique-freelance.fr\/graphiste\/wp-content\/uploads\/2019\/05\/oiseau-illustration-freelance-78-crayon.jpg'><img loading=\"lazy\" decoding=\"async\" width=\"768\" height=\"1024\" src=\"https:\/\/www.directeur-artistique-freelance.fr\/graphiste\/wp-content\/uploads\/2019\/05\/oiseau-illustration-freelance-78-crayon-768x1024.jpg\" class=\"attachment-medium_large size-medium_large\" alt=\"\" aria-describedby=\"gallery-1-1209\" srcset=\"https:\/\/www.directeur-artistique-freelance.fr\/graphiste\/wp-content\/uploads\/2019\/05\/oiseau-illustration-freelance-78-crayon-768x1024.jpg 768w, https:\/\/www.directeur-artistique-freelance.fr\/graphiste\/wp-content\/uploads\/2019\/05\/oiseau-illustration-freelance-78-crayon-225x300.jpg 225w, https:\/\/www.directeur-artistique-freelance.fr\/graphiste\/wp-content\/uploads\/2019\/05\/oiseau-illustration-freelance-78-crayon.jpg 1440w\" sizes=\"(max-width: 768px) 100vw, 768px\" \/><\/a>\n\t\t\t<\/div>\n\t\t\t\t<figcaption class='wp-caption-text gallery-caption' id='gallery-1-1209'>\n\t\t\t\tChardonneret \u00e9l\u00e9gant aux crayons graphites\n\t\t\t\t<\/figcaption><\/figure><figure class='gallery-item'>\n\t\t\t<div class='gallery-icon portrait'>\n\t\t\t\t<a data-elementor-open-lightbox=\"yes\" data-elementor-lightbox-slideshow=\"a4100c4\" data-elementor-lightbox-title=\"M\u00e9sange\" data-e-action-hash=\"#elementor-action%3Aaction%3Dlightbox%26settings%3DeyJpZCI6MTIxMSwidXJsIjoiaHR0cHM6XC9cL3d3dy5kaXJlY3RldXItYXJ0aXN0aXF1ZS1mcmVlbGFuY2UuZnJcL2dyYXBoaXN0ZVwvd3AtY29udGVudFwvdXBsb2Fkc1wvMjAxOVwvMDVcL29pc2VhdS1pbGx1c3RyYXRyaWNlLWZyZWVsYW5jZS15dmVsaW5lcy03OC5qcGciLCJzbGlkZXNob3ciOiJhNDEwMGM0In0%3D\" data-elementor-lightbox-description=\"M\u00e9sange, illustration, crayon, oiseau, naturaliste, paris\" href='https:\/\/www.directeur-artistique-freelance.fr\/graphiste\/wp-content\/uploads\/2019\/05\/oiseau-illustratrice-freelance-yvelines-78.jpg'><img loading=\"lazy\" decoding=\"async\" width=\"768\" height=\"1024\" src=\"https:\/\/www.directeur-artistique-freelance.fr\/graphiste\/wp-content\/uploads\/2019\/05\/oiseau-illustratrice-freelance-yvelines-78-768x1024.jpg\" class=\"attachment-medium_large size-medium_large\" alt=\"\" aria-describedby=\"gallery-1-1211\" srcset=\"https:\/\/www.directeur-artistique-freelance.fr\/graphiste\/wp-content\/uploads\/2019\/05\/oiseau-illustratrice-freelance-yvelines-78-768x1024.jpg 768w, https:\/\/www.directeur-artistique-freelance.fr\/graphiste\/wp-content\/uploads\/2019\/05\/oiseau-illustratrice-freelance-yvelines-78-225x300.jpg 225w, https:\/\/www.directeur-artistique-freelance.fr\/graphiste\/wp-content\/uploads\/2019\/05\/oiseau-illustratrice-freelance-yvelines-78.jpg 1440w\" sizes=\"(max-width: 768px) 100vw, 768px\" \/><\/a>\n\t\t\t<\/div>\n\t\t\t\t<figcaption class='wp-caption-text gallery-caption' id='gallery-1-1211'>\n\t\t\t\tM\u00e9sange\n\t\t\t\t<\/figcaption><\/figure><figure class='gallery-item'>\n\t\t\t<div class='gallery-icon portrait'>\n\t\t\t\t<a data-elementor-open-lightbox=\"yes\" data-elementor-lightbox-slideshow=\"a4100c4\" data-elementor-lightbox-title=\"Martin-p\u00eacheur d&#039;Europe\" data-e-action-hash=\"#elementor-action%3Aaction%3Dlightbox%26settings%3DeyJpZCI6MTIxNCwidXJsIjoiaHR0cHM6XC9cL3d3dy5kaXJlY3RldXItYXJ0aXN0aXF1ZS1mcmVlbGFuY2UuZnJcL2dyYXBoaXN0ZVwvd3AtY29udGVudFwvdXBsb2Fkc1wvMjAxOVwvMDVcL2lsbHVzdHJhdHJpY2UtZnJlZWxhbmNlLWNyYXlvbi1kZS1jb3VsZXVyLTc4LmpwZyIsInNsaWRlc2hvdyI6ImE0MTAwYzQifQ%3D%3D\" data-elementor-lightbox-description=\"Martin-p\u00eacheur d&#039;Europe, illustratrice, naturaliste, oiseau, crayons, courleurs\" href='https:\/\/www.directeur-artistique-freelance.fr\/graphiste\/wp-content\/uploads\/2019\/05\/illustratrice-freelance-crayon-de-couleur-78.jpg'><img loading=\"lazy\" decoding=\"async\" width=\"768\" height=\"1024\" src=\"https:\/\/www.directeur-artistique-freelance.fr\/graphiste\/wp-content\/uploads\/2019\/05\/illustratrice-freelance-crayon-de-couleur-78-768x1024.jpg\" class=\"attachment-medium_large size-medium_large\" alt=\"\" aria-describedby=\"gallery-1-1214\" srcset=\"https:\/\/www.directeur-artistique-freelance.fr\/graphiste\/wp-content\/uploads\/2019\/05\/illustratrice-freelance-crayon-de-couleur-78-768x1024.jpg 768w, https:\/\/www.directeur-artistique-freelance.fr\/graphiste\/wp-content\/uploads\/2019\/05\/illustratrice-freelance-crayon-de-couleur-78-225x300.jpg 225w, https:\/\/www.directeur-artistique-freelance.fr\/graphiste\/wp-content\/uploads\/2019\/05\/illustratrice-freelance-crayon-de-couleur-78.jpg 1440w\" sizes=\"(max-width: 768px) 100vw, 768px\" \/><\/a>\n\t\t\t<\/div>\n\t\t\t\t<figcaption class='wp-caption-text gallery-caption' id='gallery-1-1214'>\n\t\t\t\tMartin-p\u00eacheur d&rsquo;Europe aux crayons de couleurs\n\t\t\t\t<\/figcaption><\/figure><figure class='gallery-item'>\n\t\t\t<div class='gallery-icon portrait'>\n\t\t\t\t<a data-elementor-open-lightbox=\"yes\" data-elementor-lightbox-slideshow=\"a4100c4\" data-elementor-lightbox-title=\"Tamia\" data-e-action-hash=\"#elementor-action%3Aaction%3Dlightbox%26settings%3DeyJpZCI6MTIxMiwidXJsIjoiaHR0cHM6XC9cL3d3dy5kaXJlY3RldXItYXJ0aXN0aXF1ZS1mcmVlbGFuY2UuZnJcL2dyYXBoaXN0ZVwvd3AtY29udGVudFwvdXBsb2Fkc1wvMjAxOVwvMDVcL2lsbHVzdHJhdHJpY2UtZnJlZWxhbmNlLWFuaW1hdXgteXZlbGluZXMuanBnIiwic2xpZGVzaG93IjoiYTQxMDBjNCJ9\" data-elementor-lightbox-description=\"illustration, \u00e9cureuil, tamia, naturaliste, illustratrice\" href='https:\/\/www.directeur-artistique-freelance.fr\/graphiste\/wp-content\/uploads\/2019\/05\/illustratrice-freelance-animaux-yvelines.jpg'><img loading=\"lazy\" decoding=\"async\" width=\"768\" height=\"1024\" src=\"https:\/\/www.directeur-artistique-freelance.fr\/graphiste\/wp-content\/uploads\/2019\/05\/illustratrice-freelance-animaux-yvelines-768x1024.jpg\" class=\"attachment-medium_large size-medium_large\" alt=\"\" aria-describedby=\"gallery-1-1212\" srcset=\"https:\/\/www.directeur-artistique-freelance.fr\/graphiste\/wp-content\/uploads\/2019\/05\/illustratrice-freelance-animaux-yvelines-768x1024.jpg 768w, https:\/\/www.directeur-artistique-freelance.fr\/graphiste\/wp-content\/uploads\/2019\/05\/illustratrice-freelance-animaux-yvelines-225x300.jpg 225w, https:\/\/www.directeur-artistique-freelance.fr\/graphiste\/wp-content\/uploads\/2019\/05\/illustratrice-freelance-animaux-yvelines.jpg 1440w\" sizes=\"(max-width: 768px) 100vw, 768px\" \/><\/a>\n\t\t\t<\/div>\n\t\t\t\t<figcaption class='wp-caption-text gallery-caption' id='gallery-1-1212'>\n\t\t\t\tTamia aux crayons graphite\n\t\t\t\t<\/figcaption><\/figure><figure class='gallery-item'>\n\t\t\t<div class='gallery-icon portrait'>\n\t\t\t\t<a data-elementor-open-lightbox=\"yes\" data-elementor-lightbox-slideshow=\"a4100c4\" data-elementor-lightbox-title=\"Composition de coquillages\" data-e-action-hash=\"#elementor-action%3Aaction%3Dlightbox%26settings%3DeyJpZCI6MTIwMiwidXJsIjoiaHR0cHM6XC9cL3d3dy5kaXJlY3RldXItYXJ0aXN0aXF1ZS1mcmVlbGFuY2UuZnJcL2dyYXBoaXN0ZVwvd3AtY29udGVudFwvdXBsb2Fkc1wvMjAxOVwvMDVcL2NvcXVpbGxhZ2UtaWxsdXN0cmF0aW9uLW5vaS1ibGFuYy1jcmF5b24tZnJlZWxhbmNlLmpwZyIsInNsaWRlc2hvdyI6ImE0MTAwYzQifQ%3D%3D\" data-elementor-lightbox-description=\"illustration, coquillages, graphite, noir et blanc\" href='https:\/\/www.directeur-artistique-freelance.fr\/graphiste\/wp-content\/uploads\/2019\/05\/coquillage-illustration-noi-blanc-crayon-freelance.jpg'><img loading=\"lazy\" decoding=\"async\" width=\"768\" height=\"1024\" src=\"https:\/\/www.directeur-artistique-freelance.fr\/graphiste\/wp-content\/uploads\/2019\/05\/coquillage-illustration-noi-blanc-crayon-freelance-768x1024.jpg\" class=\"attachment-medium_large size-medium_large\" alt=\"\" aria-describedby=\"gallery-1-1202\" srcset=\"https:\/\/www.directeur-artistique-freelance.fr\/graphiste\/wp-content\/uploads\/2019\/05\/coquillage-illustration-noi-blanc-crayon-freelance-768x1024.jpg 768w, https:\/\/www.directeur-artistique-freelance.fr\/graphiste\/wp-content\/uploads\/2019\/05\/coquillage-illustration-noi-blanc-crayon-freelance-225x300.jpg 225w, https:\/\/www.directeur-artistique-freelance.fr\/graphiste\/wp-content\/uploads\/2019\/05\/coquillage-illustration-noi-blanc-crayon-freelance.jpg 1440w\" sizes=\"(max-width: 768px) 100vw, 768px\" \/><\/a>\n\t\t\t<\/div>\n\t\t\t\t<figcaption class='wp-caption-text gallery-caption' id='gallery-1-1202'>\n\t\t\t\tComposition de coquillages\n\t\t\t\t<\/figcaption><\/figure>\n\t\t<\/div>\n\t\t<\/div>\n\t\t\t\t\t\t<\/div>\n\t\t\t\t<\/div>\n\t\t\t\t\t<\/div>\n\t\t<\/div>\n\t\t\t\t\t<\/div>\n\t\t<\/section>\n\t\t\t\t<section class=\"elementor-section elementor-top-section elementor-element elementor-element-74fae081 elementor-section-height-min-height elementor-section-content-middle elementor-section-boxed elementor-section-height-default elementor-section-items-middle\" data-id=\"74fae081\" data-element_type=\"section\">\n\t\t\t\t\t\t<div class=\"elementor-container elementor-column-gap-default\">\n\t\t\t\t\t<div class=\"elementor-column elementor-col-50 elementor-top-column elementor-element elementor-element-598ac4a\" data-id=\"598ac4a\" data-element_type=\"column\">\n\t\t\t<div class=\"elementor-widget-wrap elementor-element-populated\">\n\t\t\t\t\t\t<div class=\"elementor-element elementor-element-2b59bfdf elementor-widget elementor-widget-heading\" data-id=\"2b59bfdf\" data-element_type=\"widget\" data-widget_type=\"heading.default\">\n\t\t\t\t<div class=\"elementor-widget-container\">\n\t\t\t\t\t<p class=\"elementor-heading-title elementor-size-default\">@2018 Anne Pieussergues Dherbicourt\n<\/p>\t\t\t\t<\/div>\n\t\t\t\t<\/div>\n\t\t\t\t\t<\/div>\n\t\t<\/div>\n\t\t\t\t<div class=\"elementor-column elementor-col-50 elementor-top-column elementor-element elementor-element-1368f915\" data-id=\"1368f915\" data-element_type=\"column\">\n\t\t\t<div class=\"elementor-widget-wrap elementor-element-populated\">\n\t\t\t\t\t\t<div class=\"elementor-element elementor-element-547bb68e e-grid-align-right e-grid-align-mobile-center elementor-shape-rounded elementor-grid-0 elementor-widget elementor-widget-social-icons\" data-id=\"547bb68e\" data-element_type=\"widget\" data-widget_type=\"social-icons.default\">\n\t\t\t\t<div class=\"elementor-widget-container\">\n\t\t\t\t\t\t\t<div class=\"elementor-social-icons-wrapper elementor-grid\" role=\"list\">\n\t\t\t\t\t\t\t<span class=\"elementor-grid-item\" role=\"listitem\">\n\t\t\t\t\t<a class=\"elementor-icon elementor-social-icon elementor-social-icon-facebook elementor-repeater-item-993ef04\" href=\"https:\/\/www.facebook.com\/annepieusserguesdherbicourt\/?ref=bookmarks\" target=\"_blank\">\n\t\t\t\t\t\t<span class=\"elementor-screen-only\">Facebook<\/span>\n\t\t\t\t\t\t\t\t\t\t\t\t\t<i class=\"fa fa-facebook\" aria-hidden=\"true\"><\/i>\n\t\t\t\t\t\t\t\t\t\t\t<\/a>\n\t\t\t\t<\/span>\n\t\t\t\t\t\t\t<span class=\"elementor-grid-item\" role=\"listitem\">\n\t\t\t\t\t<a class=\"elementor-icon elementor-social-icon elementor-social-icon-pinterest elementor-repeater-item-f4f16ac\" href=\"https:\/\/www.pinterest.fr\/cheesenane\/my-work\/\" target=\"_blank\">\n\t\t\t\t\t\t<span class=\"elementor-screen-only\">Pinterest<\/span>\n\t\t\t\t\t\t\t\t\t\t\t\t\t<i class=\"fa fa-pinterest\" aria-hidden=\"true\"><\/i>\n\t\t\t\t\t\t\t\t\t\t\t<\/a>\n\t\t\t\t<\/span>\n\t\t\t\t\t\t\t<span class=\"elementor-grid-item\" role=\"listitem\">\n\t\t\t\t\t<a class=\"elementor-icon elementor-social-icon elementor-social-icon-instagram elementor-repeater-item-3b68019\" href=\"https:\/\/www.instagram.com\/anne_pieussergues_dherbicourt\/\" target=\"_blank\">\n\t\t\t\t\t\t<span class=\"elementor-screen-only\">Instagram<\/span>\n\t\t\t\t\t\t\t\t\t\t\t\t\t<i class=\"fa fa-instagram\" aria-hidden=\"true\"><\/i>\n\t\t\t\t\t\t\t\t\t\t\t<\/a>\n\t\t\t\t<\/span>\n\t\t\t\t\t<\/div>\n\t\t\t\t\t\t<\/div>\n\t\t\t\t<\/div>\n\t\t\t\t\t<\/div>\n\t\t<\/div>\n\t\t\t\t\t<\/div>\n\t\t<\/section>\n\t\t\t\t<\/div>\n\t\t","protected":false},"excerpt":{"rendered":"<p>Shells Illustration au crayon d\u2019Abby Goliathus aux crayons graphites Dicronorhina cavifrons \u00e0l\u2019aquarelle Papillon Apatura Schrenkii \u00e0 l\u2019aquarelle Coccinellidae aux crayons de couleurs Escargot aux crayons graphites Hippocampe Hippocampe Rouge-gorge Chardonneret \u00e9l\u00e9gant aux crayons graphites M\u00e9sange Martin-p\u00eacheur d\u2019Europe aux crayons de couleurs Tamia aux crayons graphite Composition de coquillages @2018 Anne Pieussergues Dherbicourt Facebook Pinterest Instagram<\/p>\n","protected":false},"author":1,"featured_media":1036,"parent":0,"menu_order":0,"comment_status":"closed","ping_status":"closed","template":"elementor_canvas","meta":{"footnotes":""},"class_list":["post-1198","page","type-page","status-publish","has-post-thumbnail","hentry"],"yoast_head":"<!-- This site is optimized with the Yoast SEO plugin v26.8 - https:\/\/yoast.com\/product\/yoast-seo-wordpress\/ -->\n<title>Animaux - Graphiste Freelance<\/title>\n<meta name=\"description\" content=\"D\u00e9couvrez toutes les illustrations d&#039;animaux au graphite, \u00e0 l&#039;encre, aux crayons de couleurs et \u00e0 l&#039;aquarelle d&#039;Anne Pieussergues Dherbicourt\" \/>\n<meta name=\"robots\" content=\"index, follow, max-snippet:-1, max-image-preview:large, max-video-preview:-1\" \/>\n<link rel=\"canonical\" href=\"https:\/\/www.directeur-artistique-freelance.fr\/graphiste\/animaux\/\" \/>\n<meta property=\"og:locale\" content=\"fr_FR\" \/>\n<meta property=\"og:type\" content=\"article\" \/>\n<meta property=\"og:title\" content=\"Animaux - Graphiste Freelance\" \/>\n<meta property=\"og:description\" content=\"D\u00e9couvrez toutes les illustrations d&#039;animaux au graphite, \u00e0 l&#039;encre, aux crayons de couleurs et \u00e0 l&#039;aquarelle d&#039;Anne Pieussergues Dherbicourt\" \/>\n<meta property=\"og:url\" content=\"https:\/\/www.directeur-artistique-freelance.fr\/graphiste\/animaux\/\" \/>\n<meta property=\"og:site_name\" content=\"Graphiste Freelance\" \/>\n<meta property=\"article:publisher\" content=\"https:\/\/www.facebook.com\/annepieusserguesdherbicourt\/\" \/>\n<meta property=\"article:modified_time\" content=\"2022-08-25T16:41:43+00:00\" \/>\n<meta property=\"og:image\" content=\"https:\/\/www.directeur-artistique-freelance.fr\/graphiste\/wp-content\/uploads\/2019\/01\/illustration-oiseau-rouge-gorge-freelance.jpg\" \/>\n\t<meta property=\"og:image:width\" content=\"1960\" \/>\n\t<meta property=\"og:image:height\" content=\"1520\" \/>\n\t<meta property=\"og:image:type\" content=\"image\/jpeg\" \/>\n<meta name=\"twitter:card\" content=\"summary_large_image\" \/>\n<meta name=\"twitter:site\" content=\"@Cheesenane\" \/>\n<meta name=\"twitter:label1\" content=\"Dur\u00e9e de lecture estim\u00e9e\" \/>\n\t<meta name=\"twitter:data1\" content=\"4 minutes\" \/>\n<script type=\"application\/ld+json\" class=\"yoast-schema-graph\">{\"@context\":\"https:\/\/schema.org\",\"@graph\":[{\"@type\":\"WebPage\",\"@id\":\"https:\/\/www.directeur-artistique-freelance.fr\/graphiste\/animaux\/\",\"url\":\"https:\/\/www.directeur-artistique-freelance.fr\/graphiste\/animaux\/\",\"name\":\"Animaux - Graphiste Freelance\",\"isPartOf\":{\"@id\":\"https:\/\/www.directeur-artistique-freelance.fr\/graphiste\/#website\"},\"primaryImageOfPage\":{\"@id\":\"https:\/\/www.directeur-artistique-freelance.fr\/graphiste\/animaux\/#primaryimage\"},\"image\":{\"@id\":\"https:\/\/www.directeur-artistique-freelance.fr\/graphiste\/animaux\/#primaryimage\"},\"thumbnailUrl\":\"https:\/\/www.directeur-artistique-freelance.fr\/graphiste\/wp-content\/uploads\/2019\/01\/illustration-oiseau-rouge-gorge-freelance.jpg\",\"datePublished\":\"2019-05-30T17:18:01+00:00\",\"dateModified\":\"2022-08-25T16:41:43+00:00\",\"description\":\"D\u00e9couvrez toutes les illustrations d'animaux au graphite, \u00e0 l'encre, aux crayons de couleurs et \u00e0 l'aquarelle d'Anne Pieussergues Dherbicourt\",\"breadcrumb\":{\"@id\":\"https:\/\/www.directeur-artistique-freelance.fr\/graphiste\/animaux\/#breadcrumb\"},\"inLanguage\":\"fr-FR\",\"potentialAction\":[{\"@type\":\"ReadAction\",\"target\":[\"https:\/\/www.directeur-artistique-freelance.fr\/graphiste\/animaux\/\"]}]},{\"@type\":\"ImageObject\",\"inLanguage\":\"fr-FR\",\"@id\":\"https:\/\/www.directeur-artistique-freelance.fr\/graphiste\/animaux\/#primaryimage\",\"url\":\"https:\/\/www.directeur-artistique-freelance.fr\/graphiste\/wp-content\/uploads\/2019\/01\/illustration-oiseau-rouge-gorge-freelance.jpg\",\"contentUrl\":\"https:\/\/www.directeur-artistique-freelance.fr\/graphiste\/wp-content\/uploads\/2019\/01\/illustration-oiseau-rouge-gorge-freelance.jpg\",\"width\":1960,\"height\":1520},{\"@type\":\"BreadcrumbList\",\"@id\":\"https:\/\/www.directeur-artistique-freelance.fr\/graphiste\/animaux\/#breadcrumb\",\"itemListElement\":[{\"@type\":\"ListItem\",\"position\":1,\"name\":\"Accueil\",\"item\":\"https:\/\/www.directeur-artistique-freelance.fr\/graphiste\/\"},{\"@type\":\"ListItem\",\"position\":2,\"name\":\"Animaux\"}]},{\"@type\":\"WebSite\",\"@id\":\"https:\/\/www.directeur-artistique-freelance.fr\/graphiste\/#website\",\"url\":\"https:\/\/www.directeur-artistique-freelance.fr\/graphiste\/\",\"name\":\"Graphiste Freelance\",\"description\":\"Saint Germain en Laye 78\",\"publisher\":{\"@id\":\"https:\/\/www.directeur-artistique-freelance.fr\/graphiste\/#organization\"},\"potentialAction\":[{\"@type\":\"SearchAction\",\"target\":{\"@type\":\"EntryPoint\",\"urlTemplate\":\"https:\/\/www.directeur-artistique-freelance.fr\/graphiste\/?s={search_term_string}\"},\"query-input\":{\"@type\":\"PropertyValueSpecification\",\"valueRequired\":true,\"valueName\":\"search_term_string\"}}],\"inLanguage\":\"fr-FR\"},{\"@type\":\"Organization\",\"@id\":\"https:\/\/www.directeur-artistique-freelance.fr\/graphiste\/#organization\",\"name\":\"Anne Pieussergues Dherbicourt\",\"url\":\"https:\/\/www.directeur-artistique-freelance.fr\/graphiste\/\",\"logo\":{\"@type\":\"ImageObject\",\"inLanguage\":\"fr-FR\",\"@id\":\"https:\/\/www.directeur-artistique-freelance.fr\/graphiste\/#\/schema\/logo\/image\/\",\"url\":\"https:\/\/www.directeur-artistique-freelance.fr\/graphiste\/wp-content\/uploads\/2019\/06\/graphiste-freelance-saint-germain-en-laye.png\",\"contentUrl\":\"https:\/\/www.directeur-artistique-freelance.fr\/graphiste\/wp-content\/uploads\/2019\/06\/graphiste-freelance-saint-germain-en-laye.png\",\"width\":667,\"height\":200,\"caption\":\"Anne Pieussergues Dherbicourt\"},\"image\":{\"@id\":\"https:\/\/www.directeur-artistique-freelance.fr\/graphiste\/#\/schema\/logo\/image\/\"},\"sameAs\":[\"https:\/\/www.facebook.com\/annepieusserguesdherbicourt\/\",\"https:\/\/x.com\/Cheesenane\",\"https:\/\/www.instagram.com\/anne_pieussergues_dherbicourt\/\",\"https:\/\/www.linkedin.com\/in\/anne-pieussergues-dherbicourt-61603812\/\",\"https:\/\/www.pinterest.fr\/cheesenane\/my-artwork\/\"]}]}<\/script>\n<!-- \/ Yoast SEO plugin. -->","yoast_head_json":{"title":"Animaux - Graphiste Freelance","description":"D\u00e9couvrez toutes les illustrations d'animaux au graphite, \u00e0 l'encre, aux crayons de couleurs et \u00e0 l'aquarelle d'Anne Pieussergues Dherbicourt","robots":{"index":"index","follow":"follow","max-snippet":"max-snippet:-1","max-image-preview":"max-image-preview:large","max-video-preview":"max-video-preview:-1"},"canonical":"https:\/\/www.directeur-artistique-freelance.fr\/graphiste\/animaux\/","og_locale":"fr_FR","og_type":"article","og_title":"Animaux - Graphiste Freelance","og_description":"D\u00e9couvrez toutes les illustrations d'animaux au graphite, \u00e0 l'encre, aux crayons de couleurs et \u00e0 l'aquarelle d'Anne Pieussergues Dherbicourt","og_url":"https:\/\/www.directeur-artistique-freelance.fr\/graphiste\/animaux\/","og_site_name":"Graphiste Freelance","article_publisher":"https:\/\/www.facebook.com\/annepieusserguesdherbicourt\/","article_modified_time":"2022-08-25T16:41:43+00:00","og_image":[{"width":1960,"height":1520,"url":"https:\/\/www.directeur-artistique-freelance.fr\/graphiste\/wp-content\/uploads\/2019\/01\/illustration-oiseau-rouge-gorge-freelance.jpg","type":"image\/jpeg"}],"twitter_card":"summary_large_image","twitter_site":"@Cheesenane","twitter_misc":{"Dur\u00e9e de lecture estim\u00e9e":"4 minutes"},"schema":{"@context":"https:\/\/schema.org","@graph":[{"@type":"WebPage","@id":"https:\/\/www.directeur-artistique-freelance.fr\/graphiste\/animaux\/","url":"https:\/\/www.directeur-artistique-freelance.fr\/graphiste\/animaux\/","name":"Animaux - Graphiste Freelance","isPartOf":{"@id":"https:\/\/www.directeur-artistique-freelance.fr\/graphiste\/#website"},"primaryImageOfPage":{"@id":"https:\/\/www.directeur-artistique-freelance.fr\/graphiste\/animaux\/#primaryimage"},"image":{"@id":"https:\/\/www.directeur-artistique-freelance.fr\/graphiste\/animaux\/#primaryimage"},"thumbnailUrl":"https:\/\/www.directeur-artistique-freelance.fr\/graphiste\/wp-content\/uploads\/2019\/01\/illustration-oiseau-rouge-gorge-freelance.jpg","datePublished":"2019-05-30T17:18:01+00:00","dateModified":"2022-08-25T16:41:43+00:00","description":"D\u00e9couvrez toutes les illustrations d'animaux au graphite, \u00e0 l'encre, aux crayons de couleurs et \u00e0 l'aquarelle d'Anne Pieussergues Dherbicourt","breadcrumb":{"@id":"https:\/\/www.directeur-artistique-freelance.fr\/graphiste\/animaux\/#breadcrumb"},"inLanguage":"fr-FR","potentialAction":[{"@type":"ReadAction","target":["https:\/\/www.directeur-artistique-freelance.fr\/graphiste\/animaux\/"]}]},{"@type":"ImageObject","inLanguage":"fr-FR","@id":"https:\/\/www.directeur-artistique-freelance.fr\/graphiste\/animaux\/#primaryimage","url":"https:\/\/www.directeur-artistique-freelance.fr\/graphiste\/wp-content\/uploads\/2019\/01\/illustration-oiseau-rouge-gorge-freelance.jpg","contentUrl":"https:\/\/www.directeur-artistique-freelance.fr\/graphiste\/wp-content\/uploads\/2019\/01\/illustration-oiseau-rouge-gorge-freelance.jpg","width":1960,"height":1520},{"@type":"BreadcrumbList","@id":"https:\/\/www.directeur-artistique-freelance.fr\/graphiste\/animaux\/#breadcrumb","itemListElement":[{"@type":"ListItem","position":1,"name":"Accueil","item":"https:\/\/www.directeur-artistique-freelance.fr\/graphiste\/"},{"@type":"ListItem","position":2,"name":"Animaux"}]},{"@type":"WebSite","@id":"https:\/\/www.directeur-artistique-freelance.fr\/graphiste\/#website","url":"https:\/\/www.directeur-artistique-freelance.fr\/graphiste\/","name":"Graphiste Freelance","description":"Saint Germain en Laye 78","publisher":{"@id":"https:\/\/www.directeur-artistique-freelance.fr\/graphiste\/#organization"},"potentialAction":[{"@type":"SearchAction","target":{"@type":"EntryPoint","urlTemplate":"https:\/\/www.directeur-artistique-freelance.fr\/graphiste\/?s={search_term_string}"},"query-input":{"@type":"PropertyValueSpecification","valueRequired":true,"valueName":"search_term_string"}}],"inLanguage":"fr-FR"},{"@type":"Organization","@id":"https:\/\/www.directeur-artistique-freelance.fr\/graphiste\/#organization","name":"Anne Pieussergues Dherbicourt","url":"https:\/\/www.directeur-artistique-freelance.fr\/graphiste\/","logo":{"@type":"ImageObject","inLanguage":"fr-FR","@id":"https:\/\/www.directeur-artistique-freelance.fr\/graphiste\/#\/schema\/logo\/image\/","url":"https:\/\/www.directeur-artistique-freelance.fr\/graphiste\/wp-content\/uploads\/2019\/06\/graphiste-freelance-saint-germain-en-laye.png","contentUrl":"https:\/\/www.directeur-artistique-freelance.fr\/graphiste\/wp-content\/uploads\/2019\/06\/graphiste-freelance-saint-germain-en-laye.png","width":667,"height":200,"caption":"Anne Pieussergues Dherbicourt"},"image":{"@id":"https:\/\/www.directeur-artistique-freelance.fr\/graphiste\/#\/schema\/logo\/image\/"},"sameAs":["https:\/\/www.facebook.com\/annepieusserguesdherbicourt\/","https:\/\/x.com\/Cheesenane","https:\/\/www.instagram.com\/anne_pieussergues_dherbicourt\/","https:\/\/www.linkedin.com\/in\/anne-pieussergues-dherbicourt-61603812\/","https:\/\/www.pinterest.fr\/cheesenane\/my-artwork\/"]}]}},"_links":{"self":[{"href":"https:\/\/www.directeur-artistique-freelance.fr\/graphiste\/wp-json\/wp\/v2\/pages\/1198","targetHints":{"allow":["GET"]}}],"collection":[{"href":"https:\/\/www.directeur-artistique-freelance.fr\/graphiste\/wp-json\/wp\/v2\/pages"}],"about":[{"href":"https:\/\/www.directeur-artistique-freelance.fr\/graphiste\/wp-json\/wp\/v2\/types\/page"}],"author":[{"embeddable":true,"href":"https:\/\/www.directeur-artistique-freelance.fr\/graphiste\/wp-json\/wp\/v2\/users\/1"}],"replies":[{"embeddable":true,"href":"https:\/\/www.directeur-artistique-freelance.fr\/graphiste\/wp-json\/wp\/v2\/comments?post=1198"}],"version-history":[{"count":6,"href":"https:\/\/www.directeur-artistique-freelance.fr\/graphiste\/wp-json\/wp\/v2\/pages\/1198\/revisions"}],"predecessor-version":[{"id":3183,"href":"https:\/\/www.directeur-artistique-freelance.fr\/graphiste\/wp-json\/wp\/v2\/pages\/1198\/revisions\/3183"}],"wp:featuredmedia":[{"embeddable":true,"href":"https:\/\/www.directeur-artistique-freelance.fr\/graphiste\/wp-json\/wp\/v2\/media\/1036"}],"wp:attachment":[{"href":"https:\/\/www.directeur-artistique-freelance.fr\/graphiste\/wp-json\/wp\/v2\/media?parent=1198"}],"curies":[{"name":"wp","href":"https:\/\/api.w.org\/{rel}","templated":true}]}}